{"version":"1.0","provider_name":"GasztroBar\u00e1th","provider_url":"https:\/\/gasztrobarath.cafeblog.hu","author_name":"Bar\u00e1th","author_url":"https:\/\/gasztrobarath.cafeblog.hu\/author\/barath\/","title":"Tejf\u00f6l\u00f6s eper","html":"<div class=\"separator\" style=\"clear: both; text-align: center;\"><a style=\"margin-left: 1em; margin-right: 1em;\" href=\"https:\/\/gasztrobarath.cafeblog.hu\/files\/2014\/05\/20140523_1827131-600x360.jpg\"><img src=\"https:\/\/gasztrobarath.cafeblog.hu\/files\/2014\/05\/20140523_1827131-600x360.jpg\" alt=\"\" width=\"320\" height=\"192\" border=\"0\" \/><\/a><\/div>\r\n<div style=\"text-align: justify;\">Agybaj volt ez a h\u00e9t a h\u00e1zfest\u00e9s miatt, napokig romokban hevert a konyh\u00e1m, es\u00e9lyem sem volt \u00f6sszedobni valami finoms\u00e1got. V\u00e9gre ism\u00e9t haszn\u00e1lhat\u00f3 a h\u00e1z sz\u00e1momra egyik legkedvesebb helyis\u00e9ge, azonban annyira lef\u00e1radtam a pakol\u00e1sban, hogy csak n\u00e9h\u00e1ny perces desszerthez volt kedvem. Semmi \u00f6tletem nem volt, de azt\u00e1n tegnap szembej\u00f6tt velem <a href=\"http:\/\/www.maxkonyhaja.hu\/2009\/05\/vilag-egyiklegegyszerubb-desszertje.html\">Max receptje,<\/a> \u00e9s a probl\u00e9ma azonnal megold\u00f3dott: epret beszerez, tejf\u00f6l \u00e9s porcukor van, n\u00e9h\u00e1ny perc \u00e9s k\u00e9sz az isteni finom nasi! Nagyon gyorsan elfogyott, sajnos...<\/div>\r\n<p><b>Tejf\u00f6l\u00f6s eper<\/b><br \/> <b><br \/><\/b><\/p>\r\n<div class=\"separator\" style=\"clear: both; text-align: center;\"><a style=\"margin-left: 1em; margin-right: 1em;\" href=\"https:\/\/gasztrobarath.cafeblog.hu\/files\/2014\/05\/20140523_1827161-600x360.jpg\"><img src=\"https:\/\/gasztrobarath.cafeblog.hu\/files\/2014\/05\/20140523_1827161-600x360.jpg\" alt=\"\" width=\"320\" height=\"192\" border=\"0\" \/><\/a><\/div>\r\n<p><b>Hozz\u00e1val\u00f3k:<\/b><br \/> <b>- <\/b>0,5 kg eper<br \/> - 4 dl tejf\u00f6l<br \/> - 6 ek porcukor<br \/> <b>Elk\u00e9sz\u00edt\u00e9s:<\/b><\/p>\r\n<div style=\"text-align: justify;\">Iszonyatosan bonyolult: az epreket megmossuk, megtiszt\u00edtjuk, f\u00e9lbev\u00e1gjuk.<\/div>\r\n<div style=\"text-align: justify;\">A tejf\u00f6lt \u00f6sszekeverj\u00fck a porcukorral.<\/div>\r\n<div style=\"text-align: justify;\">Poharakat ker\u00edt\u00fcnk, az alj\u00e1ra tessz\u00fck az epret, amelyre r\u00e1halmozzuk a cukros tejf\u00f6lt. \u00c9s ennyi! N\u00e9h\u00e1ny \u00f3r\u00e1ra mehet a h\u0171t\u0151be, ut\u00e1na lehet nekiesni \u00e9s habzsolni a finoms\u00e1got!<\/div>\r\n<div style=\"text-align: justify;\">\u00a0<\/div>\r\n<div class=\"separator\" style=\"clear: both; text-align: center;\"><a href=\"https:\/\/gasztrobarath.cafeblog.hu\/files\/2014\/05\/20140523_1827131.jpg\"><img class=\"aligncenter size-medium wp-image-1640\" src=\"https:\/\/gasztrobarath.cafeblog.hu\/files\/2014\/05\/20140523_1827131-300x180.jpg\" alt=\"20140523_1827131\" width=\"300\" height=\"180\" \/><\/a><\/div>\r\n<div style=\"text-align: justify;\"><b>J\u00f3 \u00e9tv\u00e1gyat!<\/b><\/div>\r\n<p>&nbsp;<\/p>","type":"rich","thumbnail_url":"https:\/\/gasztrobarath.cafeblog.hu\/files\/2014\/05\/20140523_1827131-150x150.jpg","thumbnail_width":150,"thumbnail_height":150}